{"id":446,"date":"2024-06-08T18:32:57","date_gmt":"2024-06-08T23:32:57","guid":{"rendered":"https:\/\/escuelassegurasysaludables.nvariz.com\/?page_id=446"},"modified":"2025-01-19T14:18:16","modified_gmt":"2025-01-19T19:18:16","slug":"videos","status":"publish","type":"page","link":"https:\/\/escuelassegurasysaludables.nvariz.com\/?page_id=446","title":{"rendered":"VIDEOS"},"content":{"rendered":"\n<div class=\"wp-block-uagb-tabs uagb-block-703e9227 uagb-tabs__wrap uagb-tabs__vstyle6-desktop uagb-tabs__vstyle6-tablet uagb-tabs__stack1-mobile\" data-tab-active=\"0\"><ul class=\"uagb-tabs__panel uagb-tabs__align-left\" role=\"tablist\"><li class=\"uagb-tab uagb-tabs__active\" role=\"none\"><a href=\"#uagb-tabs__tab0\" class=\"uagb-tabs-list uagb-tabs__icon-position-left\" data-tab=\"0\" role=\"tab\"><div>\u00bfQu\u00e9 piensan nuestros estudiantes?\u00a0<\/div><\/a><\/li><li class=\"uagb-tab \" role=\"none\"><a href=\"#uagb-tabs__tab1\" class=\"uagb-tabs-list uagb-tabs__icon-position-left\" data-tab=\"1\" role=\"tab\"><div>\u00bfQu\u00e9 piensa nuestra comunidad educativa?\u00a0<\/div><\/a><\/li><li class=\"uagb-tab \" role=\"none\"><a href=\"#uagb-tabs__tab2\" class=\"uagb-tabs-list uagb-tabs__icon-position-left\" data-tab=\"2\" role=\"tab\"><div>\u00bfQu\u00e9 opina el Ministerio de Educaci\u00f3n?<\/div><\/a><\/li><li class=\"uagb-tab \" role=\"none\"><a href=\"#uagb-tabs__tab3\" class=\"uagb-tabs-list uagb-tabs__icon-position-left\" data-tab=\"3\" role=\"tab\"><div>\u00bfQu\u00e9 acciones formativas se han realizado en temas de salud escolar?\u00a0<\/div><\/a><\/li><li class=\"uagb-tab \" role=\"none\"><a href=\"#uagb-tabs__tab4\" class=\"uagb-tabs-list uagb-tabs__icon-position-left\" data-tab=\"4\" role=\"tab\"><div>\u00bfQu\u00e9 opinan los jefes de \u00e1rea de la UGEL 03?<\/div><\/a><\/li><\/ul><div class=\"uagb-tabs__body-wrap\">\n<div class=\"wp-block-uagb-tabs-child uagb-tabs__body-container uagb-inner-tab-0\" aria-labelledby=\"uagb-tabs__tab0\">\n<div class=\"wp-block-columns has-ast-global-color-5-background-color has-background is-layout-flex wp-container-core-columns-is-layout-28f84493 wp-block-columns-is-layout-flex\">\n<div class=\"wp-block-column has-ast-global-color-4-background-color has-background is-layout-flow wp-block-column-is-layout-flow\">\n<figure class=\"wp-block-embed is-type-video is-provider-tiktok wp-block-embed-tiktok\" style=\"margin-top:var(--wp--preset--spacing--20);margin-right:var(--wp--preset--spacing--20);margin-bottom:var(--wp--preset--spacing--20);margin-left:var(--wp--preset--spacing--20)\">\n<blockquote class=\"tiktok-embed\" cite=\"https:\/\/www.tiktok.com\/@ugel03oficial\/video\/7277660895415717125\" data-video-id=\"7277660895415717125\" data-embed-from=\"oembed\" style=\"max-width:605px; min-width:325px;\"> <section> <a target=\"_blank\" title=\"@ugel03oficial\" href=\"https:\/\/www.tiktok.com\/@ugel03oficial?refer=embed\">@ugel03oficial<\/a> <p>La UGEL03, Municipalidad de Magdalena del Mar y aliados unen esfuerzo por &#8220;Escuela Segura&#8221;. Escolares de la IE Miguel Grau opinan al respecto. parati foryou UGEL03 escuelasegura magdalena lima educacion<\/p> <a target=\"_blank\" title=\"\u266c sonido original - UGEL 03 - UGEL 03\" href=\"https:\/\/www.tiktok.com\/music\/sonido-original-UGEL-03-7277661009886644998?refer=embed\">\u266c sonido original &#8211; UGEL 03 &#8211; UGEL 03<\/a> <\/section> <\/blockquote> <script async src=\"https:\/\/www.tiktok.com\/embed.js\"><\/script>\n<\/figure>\n<\/div>\n\n\n\n<div class=\"wp-block-column has-ast-global-color-5-background-color has-background is-layout-flow wp-block-column-is-layout-flow\">\n<p><strong>Mayor seguridad en II. EE<\/strong>. de Magdalena del Mar es la meta que persigue el trabajo del programa Escuela Segura, desarrollado en dicho distrito, promovido por la municipalidad, organizaciones aliadas y con participaci\u00f3n integral de nuestra entidad. La UGEL 03, mediante la directora Carmen Medina y jefes de \u00e1rea, dialog\u00f3 con instituciones como el Ministerio de Salud, el Ministerio del Interior, la Polic\u00eda Nacional del Per\u00fa, as\u00ed como funcionarios municipales, directivos y estudiantes en una importante reuni\u00f3n convocada en la IE Miguel Grau para salvaguardar la integridad de la comunidad educativa.<\/p>\n<\/div>\n<\/div>\n<\/div>\n\n\n\n<div class=\"wp-block-uagb-tabs-child uagb-tabs__body-container uagb-inner-tab-1\" aria-labelledby=\"uagb-tabs__tab1\">\n<div class=\"wp-block-columns is-layout-flex wp-container-core-columns-is-layout-28f84493 wp-block-columns-is-layout-flex\">\n<div class=\"wp-block-column has-ast-global-color-4-background-color has-background is-layout-flow wp-block-column-is-layout-flow\" style=\"padding-top:var(--wp--preset--spacing--20);padding-right:0;padding-bottom:var(--wp--preset--spacing--20);padding-left:0;flex-basis:66.66%\">\n<figure style=\"margin-top:0;margin-right:var(--wp--preset--spacing--20);margin-bottom:0;margin-left:var(--wp--preset--spacing--20)\" class=\"wp-block-video\"><video controls src=\"https:\/\/escuelassegurasysaludables.nvariz.com\/wp-content\/uploads\/2024\/08\/OBTENCION-CERTIFICADO-ITSE-IE-MIGUEL-GRAU-UGEL-03-WEB-PESS.mp4\"><\/video><\/figure>\n\n\n\n<figure class=\"wp-block-embed is-type-video is-provider-youtube wp-block-embed-youtube wp-embed-aspect-16-9 wp-has-aspect-ratio\"><div class=\"wp-block-embed__wrapper\">\n<div class=\"ast-oembed-container \" style=\"height: 100%;\"><iframe loading=\"lazy\" title=\"Sana convivencia y bienestar socioemocional promueve Buena Pr\u00e1ctica Escuelas Seguras y Saludables\" width=\"500\" height=\"281\" src=\"https:\/\/www.youtube.com\/embed\/s8S15E8_VHE?feature=oembed\" frameborder=\"0\" allow=\"accelerometer; autoplay; clipboard-write; encrypted-media; gyroscope; picture-in-picture; web-share\" referrerpolicy=\"strict-origin-when-cross-origin\" allowfullscreen><\/iframe><\/div>\n<\/div><\/figure>\n<\/div>\n\n\n\n<div class=\"wp-block-column is-layout-flow wp-block-column-is-layout-flow\" style=\"flex-basis:33.33%\">\n<p style=\"margin-top:var(--wp--preset--spacing--20);margin-right:var(--wp--preset--spacing--20);margin-bottom:var(--wp--preset--spacing--20);margin-left:var(--wp--preset--spacing--20)\"><strong>Sobre el proceso de orientaci\u00f3n y coordinaci\u00f3n para la obtenci\u00f3n del Certificado de Inspecci\u00f3n T\u00e9cnica de Seguridad en Edificaciones (ITSE) por parte de la IE Miguel Grau, <\/strong>comentan funcionarios de la Municipalidad de Magdalena del Mar, directivos de la IE y estudiantes; quienes destacan el trabajo conjunto realizado y los beneficios que brinda la referida certificaci\u00f3n.<\/p>\n\n\n\n<p><\/p>\n\n\n\n<p style=\"margin-top:var(--wp--preset--spacing--20);margin-right:var(--wp--preset--spacing--20);margin-bottom:var(--wp--preset--spacing--20);margin-left:var(--wp--preset--spacing--20)\">Las instituciones educativas fortalecen la sana convivencia y el bienestar socioemocional para mayores aprendizajes, tal como promueve la <strong>IE N.\u00b0 106 Juan Raggio Chichizola en campa\u00f1as como \u201cLa educaci\u00f3n es la vacuna contra la violencia\u201d<\/strong> de la UGEL 03, acciones que motivaron testimonios significativos de los integrantes de la escuela.<\/p>\n<\/div>\n<\/div>\n\n\n\n<div class=\"wp-block-columns is-layout-flex wp-container-core-columns-is-layout-28f84493 wp-block-columns-is-layout-flex\">\n<div class=\"wp-block-column is-layout-flow wp-block-column-is-layout-flow\" style=\"flex-basis:33.33%\">\n<p style=\"margin-top:var(--wp--preset--spacing--20);margin-right:var(--wp--preset--spacing--20);margin-bottom:var(--wp--preset--spacing--20);margin-left:var(--wp--preset--spacing--20)\"><strong>Sobre el impacto social y el importante significado para las comunidades educativas de las escuelas por contar con altos est\u00e1ndares en seguridad y salubridad<\/strong>&nbsp;mediante el Plan Escuelas Seguras y Saludables comentan de la directora de la UGEL 03, Carmen Medina; el alcalde de Magdalena del Mar, Francis Allison; la directora de la Diris Lima Centro, Delia D\u00e1vila; el Jefe de la Divisi\u00f3n Policial de Lima Oeste, coronel Arlyn Gallardo; as\u00ed como directivos de instituciones educativas p\u00fablicas de la citada comuna. Testimonios recabados durante el reconocimiento otorgado a las escuelas en ceremonia especial.<\/p>\n<\/div>\n\n\n\n<div class=\"wp-block-column has-ast-global-color-4-background-color has-background is-layout-flow wp-block-column-is-layout-flow\" style=\"padding-top:var(--wp--preset--spacing--20);padding-bottom:var(--wp--preset--spacing--20);flex-basis:66.66%\">\n<figure class=\"wp-block-embed is-type-video is-provider-youtube wp-block-embed-youtube wp-embed-aspect-16-9 wp-has-aspect-ratio\" style=\"margin-top:var(--wp--preset--spacing--20);margin-right:var(--wp--preset--spacing--20);margin-bottom:var(--wp--preset--spacing--20);margin-left:var(--wp--preset--spacing--20)\"><div class=\"wp-block-embed__wrapper\">\n<div class=\"ast-oembed-container \" style=\"height: 100%;\"><iframe loading=\"lazy\" title=\"Reconocimiento y acciones de escuelas en Magdalena del Mar por el Plan Escuelas Seguras y Saludables\" width=\"500\" height=\"281\" src=\"https:\/\/www.youtube.com\/embed\/1DIBz61df1I?feature=oembed\" frameborder=\"0\" allow=\"accelerometer; autoplay; clipboard-write; encrypted-media; gyroscope; picture-in-picture; web-share\" referrerpolicy=\"strict-origin-when-cross-origin\" allowfullscreen><\/iframe><\/div>\n<\/div><\/figure>\n<\/div>\n<\/div>\n\n\n\n<div class=\"wp-block-columns is-layout-flex wp-container-core-columns-is-layout-28f84493 wp-block-columns-is-layout-flex\">\n<div class=\"wp-block-column has-ast-global-color-4-background-color has-background is-layout-flow wp-block-column-is-layout-flow\" style=\"flex-basis:66.66%\">\n<figure class=\"wp-block-embed is-type-video is-provider-youtube wp-block-embed-youtube wp-embed-aspect-16-9 wp-has-aspect-ratio\" style=\"margin-top:var(--wp--preset--spacing--30);margin-right:var(--wp--preset--spacing--30);margin-bottom:var(--wp--preset--spacing--30);margin-left:var(--wp--preset--spacing--30)\"><div class=\"wp-block-embed__wrapper\">\n<div class=\"ast-oembed-container \" style=\"height: 100%;\"><iframe loading=\"lazy\" title=\"Fortalecimiento de la salud en la IE N.\u00b0 126 Virgen del Carmen de Magdalena del Mar\" width=\"500\" height=\"281\" src=\"https:\/\/www.youtube.com\/embed\/OJFc3l3fXgk?feature=oembed\" frameborder=\"0\" allow=\"accelerometer; autoplay; clipboard-write; encrypted-media; gyroscope; picture-in-picture; web-share\" referrerpolicy=\"strict-origin-when-cross-origin\" allowfullscreen><\/iframe><\/div>\n<\/div><\/figure>\n<\/div>\n\n\n\n<div class=\"wp-block-column is-layout-flow wp-block-column-is-layout-flow\" style=\"flex-basis:33.33%\">\n<p><strong>Fortaleciendo la salud para mayores aprendizajes de los estudiantes<\/strong>, la IE N.\u00b0 126 Virgen del Carmen, de Magdalena del Mar, con el apoyo de entidades aliadas como la Diris Lima Centro, promueve el desarrollo de campa\u00f1as m\u00e9dicas, la adecuada nutrici\u00f3n y la implementaci\u00f3n de estrategias l\u00fadicas diversas; acciones en el marco del Plan Escuelas Seguras\u00a0y\u00a0Saludables.<\/p>\n<\/div>\n<\/div>\n\n\n\n<div class=\"wp-block-columns is-layout-flex wp-container-core-columns-is-layout-28f84493 wp-block-columns-is-layout-flex\">\n<div class=\"wp-block-column is-layout-flow wp-block-column-is-layout-flow\" style=\"flex-basis:33.33%\">\n<p><strong>Fortaleciendo la seguridad en el entorno escolar para mayores aprendizajes<\/strong>, la IE N.\u00b0 1214 Se\u00f1or de los Milagros de la UGEL 03 en coordinaci\u00f3n con la Polic\u00eda Nacional del Per\u00fa y la Municipalidad de Magdalena del Mar, brinda un entorno apropiado en la escuela durante el inicio, desarrollo y cierre de actividades acad\u00e9micas con los estudiantes; acci\u00f3n importante de gesti\u00f3n interinstitucional dentro del Plan Escuelas Seguras\u00a0y\u00a0Saludables.<\/p>\n\n\n\n<p><strong>Las II. EE. empoderan a los estudiantes para fomentar la sana convivencia y fortalecer el bienestar socioemocional<\/strong> para que tengan mayores aprendizajes; tal como promovi\u00f3 la IE N.\u00b0 1104 Coronel FAP V\u00edctor Maldonado Begazo en campa\u00f1as como \u201cLa educaci\u00f3n es la vacuna contra la violencia\u201d en coordinaci\u00f3n con la UGEL 03 y con el apoyo de la Escuela de Psicolog\u00eda de la Universidad Privada del Norte. <\/p>\n<\/div>\n\n\n\n<div class=\"wp-block-column has-ast-global-color-4-background-color has-background is-layout-flow wp-block-column-is-layout-flow\" style=\"flex-basis:66.66%\">\n<figure class=\"wp-block-embed is-type-video is-provider-youtube wp-block-embed-youtube wp-embed-aspect-16-9 wp-has-aspect-ratio\" style=\"margin-top:var(--wp--preset--spacing--30);margin-right:var(--wp--preset--spacing--30);margin-bottom:var(--wp--preset--spacing--30);margin-left:var(--wp--preset--spacing--30)\"><div class=\"wp-block-embed__wrapper\">\n<div class=\"ast-oembed-container \" style=\"height: 100%;\"><iframe loading=\"lazy\" title=\"Seguridad en escuelas de Magdalena del Mar de la UGEL 03\" width=\"500\" height=\"281\" src=\"https:\/\/www.youtube.com\/embed\/WtCDgM7JzcI?feature=oembed\" frameborder=\"0\" allow=\"accelerometer; autoplay; clipboard-write; encrypted-media; gyroscope; picture-in-picture; web-share\" referrerpolicy=\"strict-origin-when-cross-origin\" allowfullscreen><\/iframe><\/div>\n<\/div><\/figure>\n\n\n\n<figure class=\"wp-block-embed is-type-video is-provider-youtube wp-block-embed-youtube wp-embed-aspect-16-9 wp-has-aspect-ratio\"><div class=\"wp-block-embed__wrapper\">\n<div class=\"ast-oembed-container \" style=\"height: 100%;\"><iframe loading=\"lazy\" title=\"Buena Pr\u00e1ctica Escuelas Seguras y Saludables fomenta sana convivencia para mayores aprendizajes\" width=\"500\" height=\"281\" src=\"https:\/\/www.youtube.com\/embed\/if2vlsAmJaw?feature=oembed\" frameborder=\"0\" allow=\"accelerometer; autoplay; clipboard-write; encrypted-media; gyroscope; picture-in-picture; web-share\" referrerpolicy=\"strict-origin-when-cross-origin\" allowfullscreen><\/iframe><\/div>\n<\/div><\/figure>\n<\/div>\n<\/div>\n\n\n\n<div class=\"wp-block-columns is-layout-flex wp-container-core-columns-is-layout-28f84493 wp-block-columns-is-layout-flex\">\n<div class=\"wp-block-column has-ast-global-color-4-background-color has-background is-layout-flow wp-block-column-is-layout-flow\" style=\"flex-basis:66.66%\">\n<figure style=\"margin-top:var(--wp--preset--spacing--30);margin-right:var(--wp--preset--spacing--30);margin-bottom:var(--wp--preset--spacing--30);margin-left:var(--wp--preset--spacing--30)\" class=\"wp-block-video\"><video controls src=\"https:\/\/escuelassegurasysaludables.nvariz.com\/wp-content\/uploads\/2024\/06\/Red-15-y-esposa-de-alcalde.mp4\"><\/video><\/figure>\n<\/div>\n\n\n\n<div class=\"wp-block-column is-layout-flow wp-block-column-is-layout-flow\" style=\"flex-basis:33.33%\">\n<p><strong>Las directoras y subdirectoras de las escuelas p\u00fablicas de la Red Educativa Institucional 15 vivieron junto a la esposa del Alcalde de Magdalena del Mar<\/strong>, la campa\u00f1a de la UGEL 03 \u201cLa educaci\u00f3n es la vacuna contra&nbsp;la&nbsp;violencia\u201d.<\/p>\n\n\n<\/div>\n<\/div>\n<\/div>\n\n\n\n<div class=\"wp-block-uagb-tabs-child uagb-tabs__body-container uagb-inner-tab-2\" aria-labelledby=\"uagb-tabs__tab2\">\n<div class=\"wp-block-columns is-layout-flex wp-container-core-columns-is-layout-28f84493 wp-block-columns-is-layout-flex\">\n<div class=\"wp-block-column has-ast-global-color-4-background-color has-background is-layout-flow wp-block-column-is-layout-flow\" style=\"flex-basis:66.66%\">\n<figure style=\"margin-top:var(--wp--preset--spacing--20);margin-right:var(--wp--preset--spacing--20);margin-bottom:var(--wp--preset--spacing--20);margin-left:var(--wp--preset--spacing--20)\" class=\"wp-block-video\"><video controls src=\"https:\/\/escuelassegurasysaludables.nvariz.com\/wp-content\/uploads\/2024\/06\/An_Zua6Ol4cwagbpFOV-PwAYDL7SaAeyZw1pPUwGEWa7vaJBm4Nh9TENeUdp-BaoyoZYvm_7TPO8paxBJA4YHvbP.mp4\"><\/video><\/figure>\n<\/div>\n\n\n\n<div class=\"wp-block-column is-layout-flow wp-block-column-is-layout-flow\" style=\"flex-basis:33.33%\">\n<p><\/p>\n\n\n\n<p><strong>Entrevista a la directora de la UGEL 03, Carmen Medina, en Minedu TV<\/strong>&nbsp;sobre la estrategia Escuelas Seguras y Saludables y las II. EE. que han obtenido una insignia dorada gracias a sus buenas pr\u00e1cticas de gesti\u00f3n educativa.<\/p>\n<\/div>\n<\/div>\n\n\n\n<div class=\"wp-block-columns is-layout-flex wp-container-core-columns-is-layout-28f84493 wp-block-columns-is-layout-flex\">\n<div class=\"wp-block-column is-layout-flow wp-block-column-is-layout-flow\" style=\"flex-basis:33.33%\">\n<p><\/p>\n\n\n\n<p><strong>La IE Virgen del Carmen obtuvo la insignia dorada<\/strong>&nbsp;al ser considerada como una Escuela Segura y&nbsp;Saludable. Este logro es el resultado de su destacada labor en la prevenci\u00f3n de riesgos y la creaci\u00f3n de un entorno educativo seguro, en colaboraci\u00f3n entre la UGEL 03 e instituciones aliadas. As\u00ed lo informa el Ministerio de Educaci\u00f3n en sus redes sociales.<\/p>\n<\/div>\n\n\n\n<div class=\"wp-block-column has-ast-global-color-4-background-color has-background is-layout-flow wp-block-column-is-layout-flow\" style=\"flex-basis:66.66%\">\n<figure style=\"margin-top:var(--wp--preset--spacing--20);margin-right:var(--wp--preset--spacing--20);margin-bottom:var(--wp--preset--spacing--20);margin-left:var(--wp--preset--spacing--20)\" class=\"wp-block-video\"><video controls src=\"https:\/\/escuelassegurasysaludables.nvariz.com\/wp-content\/uploads\/2024\/06\/An-paHYdSknEDJFa20tLvqutMjB75Tt-z_8YVfBW8eNLRx1rXClXaECYYr2F5pKfGKiPobSvpTXrbjPcujsOkjY-1.mp4\"><\/video><\/figure>\n<\/div>\n<\/div>\n<\/div>\n\n\n\n<div class=\"wp-block-uagb-tabs-child uagb-tabs__body-container uagb-inner-tab-3\" aria-labelledby=\"uagb-tabs__tab3\">\n<div class=\"wp-block-columns is-layout-flex wp-container-core-columns-is-layout-28f84493 wp-block-columns-is-layout-flex\">\n<div class=\"wp-block-column has-ast-global-color-4-background-color has-background is-layout-flow wp-block-column-is-layout-flow\" style=\"flex-basis:66.66%\">\n<figure style=\"margin-top:var(--wp--preset--spacing--20);margin-right:var(--wp--preset--spacing--20);margin-bottom:var(--wp--preset--spacing--20);margin-left:var(--wp--preset--spacing--20)\" class=\"wp-block-video\"><video controls src=\"https:\/\/escuelassegurasysaludables.nvariz.com\/wp-content\/uploads\/2024\/06\/Capacitacion-vinculo-entre-la-salud-y-el-aprendizaje.mp4\"><\/video><\/figure>\n<\/div>\n\n\n\n<div class=\"wp-block-column is-layout-flow wp-block-column-is-layout-flow\" style=\"flex-basis:33.33%\">\n<p><strong>Capacitaci\u00f3n \u201cV\u00ednculo entre la salud y el aprendizaje\u201d<\/strong> a cargo de especialistas de la Direcci\u00f3n de Redes Integradas de Salud de Lima Centro y la UGEL 03 mediante el \u00c1rea de Supervisi\u00f3n y Gesti\u00f3n del Servicio Educativo (Asgese); dirigida a los docentes de las instituciones educativas p\u00fablicas de Magdalena&nbsp;del&nbsp;Mar.<\/p>\n<\/div>\n<\/div>\n<\/div>\n\n\n\n<div class=\"wp-block-uagb-tabs-child uagb-tabs__body-container uagb-inner-tab-4\" aria-labelledby=\"uagb-tabs__tab4\">\n<p><strong>Entrevista a los jefes de las diferentes \u00e1reas de la UGEL 03<\/strong>, quienes brindan detalles de las acciones realizadas para la implementaci\u00f3n de la iniciativa Escuelas Seguras y Saludables.<\/p>\n\n\n\n<figure class=\"wp-block-video\"><video height=\"1080\" style=\"aspect-ratio: 1920 \/ 1080;\" width=\"1920\" controls src=\"https:\/\/escuelassegurasysaludables.nvariz.com\/wp-content\/uploads\/2024\/10\/JEFES-PLAN-ESCUELAS-SEGURAS-Y-SALUDABLES.WEB-ESS.mp4\"><\/video><\/figure>\n<\/div>\n\n\n\n<div class=\"wp-block-uagb-tabs-child uagb-tabs__body-container uagb-inner-tab-5\" aria-labelledby=\"uagb-tabs__tab5\">\n<div class=\"wp-block-columns is-layout-flex wp-container-core-columns-is-layout-28f84493 wp-block-columns-is-layout-flex\">\n<div class=\"wp-block-column has-cyan-bluish-gray-background-color has-background is-layout-flow wp-block-column-is-layout-flow\" style=\"flex-basis:66.66%\">\n<figure class=\"wp-block-video\"><video controls src=\"https:\/\/escuelassegurasysaludables.nvariz.com\/wp-content\/uploads\/2024\/08\/OBTENCION-CERTIFICADO-ITSE-IE-MIGUEL-GRAU-UGEL-03-WEB-PESS.mp4\"><\/video><\/figure>\n<\/div>\n\n\n\n<div class=\"wp-block-column is-layout-flow wp-block-column-is-layout-flow\" style=\"flex-basis:33.33%\">\n<p><strong>Sobre el proceso de orientaci\u00f3n y coordinaci\u00f3n para la obtenci\u00f3n del Certificado de Inspecci\u00f3n T\u00e9cnica de Seguridad en Edificaciones (ITSE) por parte de la IE Miguel Grau de la #UGEL03 <\/strong>comentan funcionarios de la municipalidad de Magdalena del Mar, directivos de la escuela y estudiantes; quienes destacan el trabajo conjunto realizado y los beneficios que brinda la referida certificaci\u00f3n a la formaci\u00f3n integral en la escuela, en el marco del Plan Escuelas Seguras y Saludables.<\/p>\n<\/div>\n<\/div>\n<\/div>\n\n\n\n<div class=\"wp-block-uagb-tabs-child uagb-tabs__body-container uagb-inner-tab-6\" aria-labelledby=\"uagb-tabs__tab6\">\n<p>2<\/p>\n<\/div>\n\n\n\n<div class=\"wp-block-uagb-tabs-child uagb-tabs__body-container uagb-inner-tab-7\" aria-labelledby=\"uagb-tabs__tab7\">\n<p>3<\/p>\n<\/div>\n<\/div><\/div>\n\n\n\n<div class=\"wp-block-columns is-layout-flex wp-container-core-columns-is-layout-28f84493 wp-block-columns-is-layout-flex\">\n<div class=\"wp-block-column is-layout-flow wp-block-column-is-layout-flow\"><\/div>\n<\/div>\n\n\n\n<p><\/p>\n","protected":false},"excerpt":{"rendered":"","protected":false},"author":2,"featured_media":0,"parent":0,"menu_order":0,"comment_status":"closed","ping_status":"closed","template":"","meta":{"_uag_custom_page_level_css":"","site-sidebar-layout":"default","site-content-layout":"","ast-site-content-layout":"","site-content-style":"default","site-sidebar-style":"default","ast-global-header-display":"","ast-banner-title-visibility":"","ast-main-header-display":"","ast-hfb-above-header-display":"","ast-hfb-below-header-display":"","ast-hfb-mobile-header-display":"","site-post-title":"","ast-breadcrumbs-content":"","ast-featured-img":"","footer-sml-layout":"","theme-transparent-header-meta":"","adv-header-id-meta":"","stick-header-meta":"","header-above-stick-meta":"","header-main-stick-meta":"","header-below-stick-meta":"","astra-migrate-meta-layouts":"default","ast-page-background-enabled":"default","ast-page-background-meta":{"desktop":{"background-color":"var(--ast-global-color-4)","background-image":"","background-repeat":"repeat","background-position":"center center","background-size":"auto","background-attachment":"scroll","background-type":"","background-media":"","overlay-type":"","overlay-color":"","overlay-opacity":"","overlay-gradient":""},"tablet":{"background-color":"","background-image":"","background-repeat":"repeat","background-position":"center center","background-size":"auto","background-attachment":"scroll","background-type":"","background-media":"","overlay-type":"","overlay-color":"","overlay-opacity":"","overlay-gradient":""},"mobile":{"background-color":"","background-image":"","background-repeat":"repeat","background-position":"center center","background-size":"auto","background-attachment":"scroll","background-type":"","background-media":"","overlay-type":"","overlay-color":"","overlay-opacity":"","overlay-gradient":""}},"ast-content-background-meta":{"desktop":{"background-color":"var(--ast-global-color-5)","background-image":"","background-repeat":"repeat","background-position":"center center","background-size":"auto","background-attachment":"scroll","background-type":"","background-media":"","overlay-type":"","overlay-color":"","overlay-opacity":"","overlay-gradient":""},"tablet":{"background-color":"var(--ast-global-color-5)","background-image":"","background-repeat":"repeat","background-position":"center center","background-size":"auto","background-attachment":"scroll","background-type":"","background-media":"","overlay-type":"","overlay-color":"","overlay-opacity":"","overlay-gradient":""},"mobile":{"background-color":"var(--ast-global-color-5)","background-image":"","background-repeat":"repeat","background-position":"center center","background-size":"auto","background-attachment":"scroll","background-type":"","background-media":"","overlay-type":"","overlay-color":"","overlay-opacity":"","overlay-gradient":""}},"footnotes":""},"categories":[],"tags":[],"class_list":["post-446","page","type-page","status-publish","hentry"],"uagb_featured_image_src":{"full":false,"thumbnail":false,"medium":false,"medium_large":false,"large":false,"1536x1536":false,"2048x2048":false},"uagb_author_info":{"display_name":"Karen Aguilar","author_link":"https:\/\/escuelassegurasysaludables.nvariz.com\/?author=2"},"uagb_comment_info":0,"uagb_excerpt":null,"_links":{"self":[{"href":"https:\/\/escuelassegurasysaludables.nvariz.com\/index.php?rest_route=\/wp\/v2\/pages\/446","targetHints":{"allow":["GET"]}}],"collection":[{"href":"https:\/\/escuelassegurasysaludables.nvariz.com\/index.php?rest_route=\/wp\/v2\/pages"}],"about":[{"href":"https:\/\/escuelassegurasysaludables.nvariz.com\/index.php?rest_route=\/wp\/v2\/types\/page"}],"author":[{"embeddable":true,"href":"https:\/\/escuelassegurasysaludables.nvariz.com\/index.php?rest_route=\/wp\/v2\/users\/2"}],"replies":[{"embeddable":true,"href":"https:\/\/escuelassegurasysaludables.nvariz.com\/index.php?rest_route=%2Fwp%2Fv2%2Fcomments&post=446"}],"version-history":[{"count":56,"href":"https:\/\/escuelassegurasysaludables.nvariz.com\/index.php?rest_route=\/wp\/v2\/pages\/446\/revisions"}],"predecessor-version":[{"id":3584,"href":"https:\/\/escuelassegurasysaludables.nvariz.com\/index.php?rest_route=\/wp\/v2\/pages\/446\/revisions\/3584"}],"wp:attachment":[{"href":"https:\/\/escuelassegurasysaludables.nvariz.com\/index.php?rest_route=%2Fwp%2Fv2%2Fmedia&parent=446"}],"wp:term":[{"taxonomy":"category","embeddable":true,"href":"https:\/\/escuelassegurasysaludables.nvariz.com\/index.php?rest_route=%2Fwp%2Fv2%2Fcategories&post=446"},{"taxonomy":"post_tag","embeddable":true,"href":"https:\/\/escuelassegurasysaludables.nvariz.com\/index.php?rest_route=%2Fwp%2Fv2%2Ftags&post=446"}],"curies":[{"name":"wp","href":"https:\/\/api.w.org\/{rel}","templated":true}]}}